{"id":1366,"date":"2024-10-04T11:04:26","date_gmt":"2024-10-04T11:04:26","guid":{"rendered":"https:\/\/amaneo.net\/?page_id=1366"},"modified":"2024-10-04T11:08:42","modified_gmt":"2024-10-04T11:08:42","slug":"rse","status":"publish","type":"page","link":"https:\/\/amaneo.net\/?page_id=1366","title":{"rendered":"RSE"},"content":{"rendered":"\t\t<div data-elementor-type=\"wp-page\" data-elementor-id=\"1366\" class=\"elementor elementor-1366\" data-elementor-post-type=\"page\">\n\t\t\t\t<div class=\"elementor-element elementor-element-8941248 e-flex e-con-boxed e-con e-parent\" data-id=\"8941248\" data-element_type=\"container\">\n\t\t\t\t\t<div class=\"e-con-inner\">\n\t\t\t\t<div class=\"elementor-element elementor-element-f3ca7ee elementor-widget elementor-widget-heading\" data-id=\"f3ca7ee\" data-element_type=\"widget\" data-widget_type=\"heading.default\">\n\t\t\t\t<div class=\"elementor-widget-container\">\n\t\t\t\t\t<h2 class=\"elementor-heading-title elementor-size-default\">Agir pour votre bien-\u00eatre,\nagir pour l\u2019environement<\/h2>\t\t\t\t<\/div>\n\t\t\t\t<\/div>\n\t\t\t\t\t<\/div>\n\t\t\t\t<\/div>\n\t\t<div class=\"elementor-element elementor-element-68677b9 e-flex e-con-boxed e-con e-parent\" data-id=\"68677b9\" data-element_type=\"container\">\n\t\t\t\t\t<div class=\"e-con-inner\">\n\t\t<div class=\"elementor-element elementor-element-21972e3 e-con-full e-flex e-con e-child\" data-id=\"21972e3\" data-element_type=\"container\">\n\t\t\t\t<div class=\"elementor-element elementor-element-1e82dca elementor-widget elementor-widget-heading\" data-id=\"1e82dca\" data-element_type=\"widget\" data-widget_type=\"heading.default\">\n\t\t\t\t<div class=\"elementor-widget-container\">\n\t\t\t\t\t<h3 class=\"elementor-heading-title elementor-size-default\">Soyez un acteur du changement et adoptez\nles syst\u00e8mes d\u2019eau atmosph\u00e9rique AMANEO.<\/h3>\t\t\t\t<\/div>\n\t\t\t\t<\/div>\n\t\t\t\t<div class=\"elementor-element elementor-element-66aea6b elementor-widget elementor-widget-text-editor\" data-id=\"66aea6b\" data-element_type=\"widget\" data-widget_type=\"text-editor.default\">\n\t\t\t\t<div class=\"elementor-widget-container\">\n\t\t\t\t\t\t\t\t\t<p>L&rsquo;eau produite par les g\u00e9n\u00e9rateurs atmosph\u00e9riques AMANEO r\u00e9sulte de la capture de l&rsquo;humidit\u00e9 ambiante via un proc\u00e9d\u00e9 de condensation. Cette technologie offre une autonomie exceptionnelle gr\u00e2ce \u00e0 l&rsquo;utilisation d&rsquo;une ressource naturelle in\u00e9puisable. Ces g\u00e9n\u00e9rateurs d&rsquo;eau atmosph\u00e9rique pr\u00e9sentent une solution tangible sur les plans \u00e9conomique, social et environnemental.<\/p>\t\t\t\t\t\t\t\t<\/div>\n\t\t\t\t<\/div>\n\t\t\t\t<div class=\"elementor-element elementor-element-7716f01 elementor-widget elementor-widget-heading\" data-id=\"7716f01\" data-element_type=\"widget\" data-widget_type=\"heading.default\">\n\t\t\t\t<div class=\"elementor-widget-container\">\n\t\t\t\t\t<h3 class=\"elementor-heading-title elementor-size-default\">Respectueuse de l\u2019Environnement.<\/h3>\t\t\t\t<\/div>\n\t\t\t\t<\/div>\n\t\t\t\t<div class=\"elementor-element elementor-element-6e5e66f elementor-widget elementor-widget-text-editor\" data-id=\"6e5e66f\" data-element_type=\"widget\" data-widget_type=\"text-editor.default\">\n\t\t\t\t<div class=\"elementor-widget-container\">\n\t\t\t\t\t\t\t\t\t<p>L&rsquo;eau produite par les g\u00e9n\u00e9rateurs atmosph\u00e9riques AMANEO r\u00e9sulte de la capture de l&rsquo;humidit\u00e9 ambiante via un proc\u00e9d\u00e9 de condensation. Cette technologie offre une autonomie exceptionnelle gr\u00e2ce \u00e0 l&rsquo;utilisation d&rsquo;une ressource naturelle in\u00e9puisable. Ces g\u00e9n\u00e9rateurs d&rsquo;eau atmosph\u00e9rique pr\u00e9sentent une solution tangible sur les plans \u00e9conomique, social et environnemental.<\/p>\t\t\t\t\t\t\t\t<\/div>\n\t\t\t\t<\/div>\n\t\t\t\t<\/div>\n\t\t\t\t\t<\/div>\n\t\t\t\t<\/div>\n\t\t<div class=\"elementor-element elementor-element-17de654 e-flex e-con-boxed e-con e-parent\" data-id=\"17de654\" data-element_type=\"container\">\n\t\t\t\t\t<div class=\"e-con-inner\">\n\t\t<div class=\"elementor-element elementor-element-4b86830 e-con-full e-flex e-con e-child\" data-id=\"4b86830\" data-element_type=\"container\">\n\t\t\t\t<div class=\"elementor-element elementor-element-70d31c5 elementor-widget elementor-widget-heading\" data-id=\"70d31c5\" data-element_type=\"widget\" data-widget_type=\"heading.default\">\n\t\t\t\t<div class=\"elementor-widget-container\">\n\t\t\t\t\t<h2 class=\"elementor-heading-title elementor-size-default\">Stress hydrique, pourquoi nous nous soucions !<\/h2>\t\t\t\t<\/div>\n\t\t\t\t<\/div>\n\t\t\t\t<div class=\"elementor-element elementor-element-60f402b elementor-widget elementor-widget-text-editor\" data-id=\"60f402b\" data-element_type=\"widget\" data-widget_type=\"text-editor.default\">\n\t\t\t\t<div class=\"elementor-widget-container\">\n\t\t\t\t\t\t\t\t\t<p>Le stress hydrique est un des d\u00e9fis vitaux du 21e si\u00e8cle, qui menace nos vies, nos \u00e9cosyst\u00e8mes, et nos soci\u00e9t\u00e9s. Lutter contre cette crise est imp\u00e9ratif pour pr\u00e9server l&rsquo;acc\u00e8s \u00e0 une eau s\u00fbre pour tous, sauver la biodiversit\u00e9 en p\u00e9ril, et att\u00e9nuer les tensions socio-\u00e9conomiques. Face \u00e0 l&rsquo;urgence climatique, agir avec d\u00e9termination est imp\u00e9ratif pour assurer un avenir o\u00f9 l&rsquo;eau, ressource cruciale, est g\u00e9r\u00e9e durablement, o\u00f9 l&rsquo;\u00e9quit\u00e9 et la pr\u00e9servation de cette ressource pr\u00e9cieuse sont garanties pour les g\u00e9n\u00e9rations futures.<\/p>\t\t\t\t\t\t\t\t<\/div>\n\t\t\t\t<\/div>\n\t\t\t\t<div class=\"elementor-element elementor-element-c9b5bbb elementor-widget elementor-widget-image\" data-id=\"c9b5bbb\" data-element_type=\"widget\" data-widget_type=\"image.default\">\n\t\t\t\t<div class=\"elementor-widget-container\">\n\t\t\t\t\t\t\t\t\t\t\t\t\t\t\t<img fetchpriority=\"high\" decoding=\"async\" width=\"1477\" height=\"827\" src=\"https:\/\/amaneo.net\/wp-content\/uploads\/2024\/03\/CHIFFRES.png\" class=\"attachment-1536x1536 size-1536x1536 wp-image-604\" alt=\"\" srcset=\"https:\/\/amaneo.net\/wp-content\/uploads\/2024\/03\/CHIFFRES.png 1477w, https:\/\/amaneo.net\/wp-content\/uploads\/2024\/03\/CHIFFRES-300x168.png 300w, https:\/\/amaneo.net\/wp-content\/uploads\/2024\/03\/CHIFFRES-1024x573.png 1024w, https:\/\/amaneo.net\/wp-content\/uploads\/2024\/03\/CHIFFRES-768x430.png 768w\" sizes=\"(max-width: 1477px) 100vw, 1477px\" \/>\t\t\t\t\t\t\t\t\t\t\t\t\t\t\t<\/div>\n\t\t\t\t<\/div>\n\t\t\t\t<\/div>\n\t\t\t\t\t<\/div>\n\t\t\t\t<\/div>\n\t\t<div class=\"elementor-element elementor-element-3fa4aae e-flex e-con-boxed e-con e-parent\" data-id=\"3fa4aae\" data-element_type=\"container\">\n\t\t\t\t\t<div class=\"e-con-inner\">\n\t\t\t\t<div class=\"elementor-element elementor-element-1e3c834 elementor-widget elementor-widget-heading\" data-id=\"1e3c834\" data-element_type=\"widget\" data-widget_type=\"heading.default\">\n\t\t\t\t<div class=\"elementor-widget-container\">\n\t\t\t\t\t<h2 class=\"elementor-heading-title elementor-size-default\">La Raret\u00e9 de l\u2019eau dans le monde<\/h2>\t\t\t\t<\/div>\n\t\t\t\t<\/div>\n\t\t\t\t<div class=\"elementor-element elementor-element-dbe1f3f elementor-widget elementor-widget-image\" data-id=\"dbe1f3f\" data-element_type=\"widget\" data-widget_type=\"image.default\">\n\t\t\t\t<div class=\"elementor-widget-container\">\n\t\t\t\t\t\t\t\t\t\t\t\t\t\t\t<img decoding=\"async\" width=\"800\" height=\"509\" src=\"https:\/\/amaneo.net\/wp-content\/uploads\/2024\/03\/Carte-Eau-Monde-1024x651.png\" class=\"attachment-large size-large wp-image-717\" alt=\"\" srcset=\"https:\/\/amaneo.net\/wp-content\/uploads\/2024\/03\/Carte-Eau-Monde-1024x651.png 1024w, https:\/\/amaneo.net\/wp-content\/uploads\/2024\/03\/Carte-Eau-Monde-300x191.png 300w, https:\/\/amaneo.net\/wp-content\/uploads\/2024\/03\/Carte-Eau-Monde-768x489.png 768w, https:\/\/amaneo.net\/wp-content\/uploads\/2024\/03\/Carte-Eau-Monde.png 1072w\" sizes=\"(max-width: 800px) 100vw, 800px\" \/>\t\t\t\t\t\t\t\t\t\t\t\t\t\t\t<\/div>\n\t\t\t\t<\/div>\n\t\t\t\t<div class=\"elementor-element elementor-element-2d64962 elementor-widget elementor-widget-spacer\" data-id=\"2d64962\" data-element_type=\"widget\" data-widget_type=\"spacer.default\">\n\t\t\t\t<div class=\"elementor-widget-container\">\n\t\t\t\t\t\t\t<div class=\"elementor-spacer\">\n\t\t\t<div class=\"elementor-spacer-inner\"><\/div>\n\t\t<\/div>\n\t\t\t\t\t\t<\/div>\n\t\t\t\t<\/div>\n\t\t\t\t\t<\/div>\n\t\t\t\t<\/div>\n\t\t\t\t<\/div>\n\t\t","protected":false},"excerpt":{"rendered":"<p>Agir pour votre bien-\u00eatre, agir pour l\u2019environement Soyez un acteur du changement et adoptez les syst\u00e8mes d\u2019eau atmosph\u00e9rique AMANEO. L&rsquo;eau produite par les g\u00e9n\u00e9rateurs atmosph\u00e9riques AMANEO r\u00e9sulte de la capture de l&rsquo;humidit\u00e9 ambiante via un proc\u00e9d\u00e9 de condensation. Cette technologie offre une autonomie exceptionnelle gr\u00e2ce \u00e0 l&rsquo;utilisation d&rsquo;une ressource naturelle in\u00e9puisable. Ces g\u00e9n\u00e9rateurs d&rsquo;eau atmosph\u00e9rique [&hellip;]<\/p>\n","protected":false},"author":2,"featured_media":0,"parent":0,"menu_order":0,"comment_status":"closed","ping_status":"closed","template":"","meta":{"footnotes":""},"class_list":["post-1366","page","type-page","status-publish","hentry"],"_links":{"self":[{"href":"https:\/\/amaneo.net\/index.php?rest_route=\/wp\/v2\/pages\/1366","targetHints":{"allow":["GET"]}}],"collection":[{"href":"https:\/\/amaneo.net\/index.php?rest_route=\/wp\/v2\/pages"}],"about":[{"href":"https:\/\/amaneo.net\/index.php?rest_route=\/wp\/v2\/types\/page"}],"author":[{"embeddable":true,"href":"https:\/\/amaneo.net\/index.php?rest_route=\/wp\/v2\/users\/2"}],"replies":[{"embeddable":true,"href":"https:\/\/amaneo.net\/index.php?rest_route=%2Fwp%2Fv2%2Fcomments&post=1366"}],"version-history":[{"count":4,"href":"https:\/\/amaneo.net\/index.php?rest_route=\/wp\/v2\/pages\/1366\/revisions"}],"predecessor-version":[{"id":1377,"href":"https:\/\/amaneo.net\/index.php?rest_route=\/wp\/v2\/pages\/1366\/revisions\/1377"}],"wp:attachment":[{"href":"https:\/\/amaneo.net\/index.php?rest_route=%2Fwp%2Fv2%2Fmedia&parent=1366"}],"curies":[{"name":"wp","href":"https:\/\/api.w.org\/{rel}","templated":true}]}}